{"id":647,"date":"2017-08-18T17:26:05","date_gmt":"2017-08-18T15:26:05","guid":{"rendered":"http:\/\/185.10.48.84\/~pbenieuw\/?page_id=647\/"},"modified":"2017-08-18T17:30:58","modified_gmt":"2017-08-18T15:30:58","slug":"vive-la-rentree","status":"publish","type":"page","link":"https:\/\/blog.pearle.be\/fr\/vive-la-rentree\/","title":{"rendered":"Vive-la-rentree"},"content":{"rendered":"<p style=\"text-align: left;\">Fournitures, livres, cartable, abonnements, \u2026 la rentr\u00e9e scolaire est souvent synonyme de grosses d\u00e9penses. C\u2019est pourquoi notre package lunettes enfant tout compris inclut\u00a0<strong>une chouette paire avec verres durcis et un \u00e9tui rigide pour y ranger les lunettes. Le tout pour \u20ac99* seulement !<\/strong>\u00a0Soit une \u00e9conomie jusqu\u2019\u00e0 100 \u20ac.<\/p>\n<p style=\"text-align: left;\">Venez choisir avec votre fils ou fille la paire qui lui pla\u00eet parmi tous nos\u00a0<a href=\"https:\/\/www.pearle.be\/fr_BE\/lunettes?PreviousSearchParameter=targetgroup=Enfants\">mod\u00e8les enfant\/junior<\/a>\u00a0et s\u2019il casse ses lunettes \u00e0 la r\u00e9cr\u00e9, il suffira de me les apporter pour que je les r\u00e9pare ou les remplace gratuitement. C\u2019est aussi simple. C\u2019est notre\u00a0<strong><a href=\"https:\/\/www.pearle.be\/fr_BE\/service\/garantie-espi-gle\">Garantie Espi\u00e8gle<\/a>\u00a0gratuite*<\/strong>.<\/p>\n<p style=\"text-align: left;\">Pearle Opticiens vous souhaite une bonne rentr\u00e9e !<\/p>\n<p style=\"text-align: left;\">PS : La plupart des mutuelles remboursent partiellement ou totalement l\u2019achat des lunettes enfant. Jetez un coup d\u2019oeil aux conditions offertes par la v\u00f4tre !<\/p>\n<div style=\"background: #f7f7f7; padding: 0px 0 30px 10px; margin: 0;\">\n<h3>Conditions<\/h3>\n<ul>\n<li>* Valable en Belgique jusqu\u2019au 31\/10\/2017<\/li>\n<li>\u00e0 l\u2019achat d\u2019une paire compl\u00e8te enfant\/junior au choix de maximum 149 \u20ac + un forfait de verres Junior d\u2019une valeur de 20 \u20ac, vous ne payez que \u20ac99<\/li>\n<li>Ou 100 \u20ac de r\u00e9duction \u00e0 l\u2019achat d\u2019une paire de lunettes enfant\/junior plus ch\u00e8re. Non cumulable avec d\u2019autres actions.<\/li>\n<li>La Garantie Espi\u00e8gle est accord\u00e9e aux enfants jusqu\u2018\u00e0 12 ans. Vous retrouvez les conditions de la Garantie Espi\u00e8gle sur <a href=\"https:\/\/www.pearle.be\/fr_BE\/service\/garantie-espi-gle\">la page specifique<\/a><\/li>\n<\/ul>\n<\/div>\n","protected":false},"excerpt":{"rendered":"<p>Fournitures, livres, cartable, abonnements, \u2026 la rentr\u00e9e scolaire est souvent synonyme de grosses d\u00e9penses. C\u2019est pourquoi notre package lunettes enfant tout compris inclut\u00a0une chouette paire avec verres durcis et un \u00e9tui rigide pour y ranger les lunettes. Le tout pour \u20ac99* seulement !\u00a0Soit une \u00e9conomie jusqu\u2019\u00e0 100 \u20ac. Venez choisir avec votre fils ou fille<\/p>\n<div class=\"read-more\"><a href=\"https:\/\/blog.pearle.be\/fr\/vive-la-rentree\/\" title=\"Read More\">Lees meer<i class=\"icon icon-angle-right\"><\/i><\/a><\/div>\n","protected":false},"author":2,"featured_media":648,"parent":0,"menu_order":0,"comment_status":"closed","ping_status":"closed","template":"","meta":{"_acf_changed":false,"jetpack_post_was_ever_published":false,"footnotes":""},"class_list":["post-647","page","type-page","status-publish","has-post-thumbnail"],"acf":[],"yoast_head":"<!-- This site is optimized with the Yoast SEO plugin v23.4 - https:\/\/yoast.com\/wordpress\/plugins\/seo\/ -->\n<title>Vive-la-rentree - Pearle Opticiens Blog<\/title>\n<meta name=\"robots\" content=\"index, follow, max-snippet:-1, max-image-preview:large, max-video-preview:-1\" \/>\n<link rel=\"canonical\" href=\"https:\/\/blog.pearle.be\/fr\/vive-la-rentree\/\" \/>\n<meta property=\"og:locale\" content=\"fr_FR\" \/>\n<meta property=\"og:type\" content=\"article\" \/>\n<meta property=\"og:title\" content=\"Vive-la-rentree - Pearle Opticiens Blog\" \/>\n<meta property=\"og:description\" content=\"Fournitures, livres, cartable, abonnements, \u2026 la rentr\u00e9e scolaire est souvent synonyme de grosses d\u00e9penses. C\u2019est pourquoi notre package lunettes enfant tout compris inclut\u00a0une chouette paire avec verres durcis et un \u00e9tui rigide pour y ranger les lunettes. Le tout pour \u20ac99* seulement !\u00a0Soit une \u00e9conomie jusqu\u2019\u00e0 100 \u20ac. Venez choisir avec votre fils ou filleLees meer\" \/>\n<meta property=\"og:url\" content=\"https:\/\/blog.pearle.be\/fr\/vive-la-rentree\/\" \/>\n<meta property=\"og:site_name\" content=\"Pearle Opticiens Blog\" \/>\n<meta property=\"article:modified_time\" content=\"2017-08-18T15:30:58+00:00\" \/>\n<meta property=\"og:image\" content=\"https:\/\/blog.pearle.be\/wp-content\/uploads\/2017\/08\/fr-201708-header-back-to-school.png\" \/>\n\t<meta property=\"og:image:width\" content=\"926\" \/>\n\t<meta property=\"og:image:height\" content=\"350\" \/>\n\t<meta property=\"og:image:type\" content=\"image\/png\" \/>\n<meta name=\"twitter:card\" content=\"summary_large_image\" \/>\n<meta name=\"twitter:label1\" content=\"Dur\u00e9e de lecture est.\" \/>\n\t<meta name=\"twitter:data1\" content=\"1 minute\" \/>\n<script type=\"application\/ld+json\" class=\"yoast-schema-graph\">{\"@context\":\"https:\/\/schema.org\",\"@graph\":[{\"@type\":\"WebPage\",\"@id\":\"https:\/\/blog.pearle.be\/fr\/vive-la-rentree\/\",\"url\":\"https:\/\/blog.pearle.be\/fr\/vive-la-rentree\/\",\"name\":\"Vive-la-rentree - Pearle Opticiens Blog\",\"isPartOf\":{\"@id\":\"https:\/\/blog.pearle.be\/nl\/#website\"},\"primaryImageOfPage\":{\"@id\":\"https:\/\/blog.pearle.be\/fr\/vive-la-rentree\/#primaryimage\"},\"image\":{\"@id\":\"https:\/\/blog.pearle.be\/fr\/vive-la-rentree\/#primaryimage\"},\"thumbnailUrl\":\"https:\/\/blog.pearle.be\/wp-content\/uploads\/2017\/08\/fr-201708-header-back-to-school.png\",\"datePublished\":\"2017-08-18T15:26:05+00:00\",\"dateModified\":\"2017-08-18T15:30:58+00:00\",\"inLanguage\":\"fr-BE\",\"potentialAction\":[{\"@type\":\"ReadAction\",\"target\":[\"https:\/\/blog.pearle.be\/fr\/vive-la-rentree\/\"]}]},{\"@type\":\"ImageObject\",\"inLanguage\":\"fr-BE\",\"@id\":\"https:\/\/blog.pearle.be\/fr\/vive-la-rentree\/#primaryimage\",\"url\":\"https:\/\/blog.pearle.be\/wp-content\/uploads\/2017\/08\/fr-201708-header-back-to-school.png\",\"contentUrl\":\"https:\/\/blog.pearle.be\/wp-content\/uploads\/2017\/08\/fr-201708-header-back-to-school.png\",\"width\":926,\"height\":350},{\"@type\":\"WebSite\",\"@id\":\"https:\/\/blog.pearle.be\/nl\/#website\",\"url\":\"https:\/\/blog.pearle.be\/nl\/\",\"name\":\"Pearle Opticiens Blog\",\"description\":\"\",\"potentialAction\":[{\"@type\":\"SearchAction\",\"target\":{\"@type\":\"EntryPoint\",\"urlTemplate\":\"https:\/\/blog.pearle.be\/nl\/?s={search_term_string}\"},\"query-input\":{\"@type\":\"PropertyValueSpecification\",\"valueRequired\":true,\"valueName\":\"search_term_string\"}}],\"inLanguage\":\"fr-BE\"}]}<\/script>\n<!-- \/ Yoast SEO plugin. -->","yoast_head_json":{"title":"Vive-la-rentree - Pearle Opticiens Blog","robots":{"index":"index","follow":"follow","max-snippet":"max-snippet:-1","max-image-preview":"max-image-preview:large","max-video-preview":"max-video-preview:-1"},"canonical":"https:\/\/blog.pearle.be\/fr\/vive-la-rentree\/","og_locale":"fr_FR","og_type":"article","og_title":"Vive-la-rentree - Pearle Opticiens Blog","og_description":"Fournitures, livres, cartable, abonnements, \u2026 la rentr\u00e9e scolaire est souvent synonyme de grosses d\u00e9penses. C\u2019est pourquoi notre package lunettes enfant tout compris inclut\u00a0une chouette paire avec verres durcis et un \u00e9tui rigide pour y ranger les lunettes. Le tout pour \u20ac99* seulement !\u00a0Soit une \u00e9conomie jusqu\u2019\u00e0 100 \u20ac. Venez choisir avec votre fils ou filleLees meer","og_url":"https:\/\/blog.pearle.be\/fr\/vive-la-rentree\/","og_site_name":"Pearle Opticiens Blog","article_modified_time":"2017-08-18T15:30:58+00:00","og_image":[{"width":926,"height":350,"url":"https:\/\/blog.pearle.be\/wp-content\/uploads\/2017\/08\/fr-201708-header-back-to-school.png","type":"image\/png"}],"twitter_card":"summary_large_image","twitter_misc":{"Dur\u00e9e de lecture est.":"1 minute"},"schema":{"@context":"https:\/\/schema.org","@graph":[{"@type":"WebPage","@id":"https:\/\/blog.pearle.be\/fr\/vive-la-rentree\/","url":"https:\/\/blog.pearle.be\/fr\/vive-la-rentree\/","name":"Vive-la-rentree - Pearle Opticiens Blog","isPartOf":{"@id":"https:\/\/blog.pearle.be\/nl\/#website"},"primaryImageOfPage":{"@id":"https:\/\/blog.pearle.be\/fr\/vive-la-rentree\/#primaryimage"},"image":{"@id":"https:\/\/blog.pearle.be\/fr\/vive-la-rentree\/#primaryimage"},"thumbnailUrl":"https:\/\/blog.pearle.be\/wp-content\/uploads\/2017\/08\/fr-201708-header-back-to-school.png","datePublished":"2017-08-18T15:26:05+00:00","dateModified":"2017-08-18T15:30:58+00:00","inLanguage":"fr-BE","potentialAction":[{"@type":"ReadAction","target":["https:\/\/blog.pearle.be\/fr\/vive-la-rentree\/"]}]},{"@type":"ImageObject","inLanguage":"fr-BE","@id":"https:\/\/blog.pearle.be\/fr\/vive-la-rentree\/#primaryimage","url":"https:\/\/blog.pearle.be\/wp-content\/uploads\/2017\/08\/fr-201708-header-back-to-school.png","contentUrl":"https:\/\/blog.pearle.be\/wp-content\/uploads\/2017\/08\/fr-201708-header-back-to-school.png","width":926,"height":350},{"@type":"WebSite","@id":"https:\/\/blog.pearle.be\/nl\/#website","url":"https:\/\/blog.pearle.be\/nl\/","name":"Pearle Opticiens Blog","description":"","potentialAction":[{"@type":"SearchAction","target":{"@type":"EntryPoint","urlTemplate":"https:\/\/blog.pearle.be\/nl\/?s={search_term_string}"},"query-input":{"@type":"PropertyValueSpecification","valueRequired":true,"valueName":"search_term_string"}}],"inLanguage":"fr-BE"}]}},"jetpack_sharing_enabled":true,"jetpack_shortlink":"https:\/\/wp.me\/P9xp9E-ar","_links":{"self":[{"href":"https:\/\/blog.pearle.be\/fr\/wp-json\/wp\/v2\/pages\/647\/"}],"collection":[{"href":"https:\/\/blog.pearle.be\/fr\/wp-json\/wp\/v2\/pages\/"}],"about":[{"href":"https:\/\/blog.pearle.be\/fr\/wp-json\/wp\/v2\/types\/page\/"}],"author":[{"embeddable":true,"href":"https:\/\/blog.pearle.be\/fr\/wp-json\/wp\/v2\/users\/2\/"}],"replies":[{"embeddable":true,"href":"https:\/\/blog.pearle.be\/fr\/wp-json\/wp\/v2\/comments\/?post=647"}],"version-history":[{"count":4,"href":"https:\/\/blog.pearle.be\/fr\/wp-json\/wp\/v2\/pages\/647\/revisions\/"}],"predecessor-version":[{"id":652,"href":"https:\/\/blog.pearle.be\/fr\/wp-json\/wp\/v2\/pages\/647\/revisions\/652\/"}],"wp:featuredmedia":[{"embeddable":true,"href":"https:\/\/blog.pearle.be\/fr\/wp-json\/wp\/v2\/media\/648\/"}],"wp:attachment":[{"href":"https:\/\/blog.pearle.be\/fr\/wp-json\/wp\/v2\/media\/?parent=647"}],"curies":[{"name":"wp","href":"https:\/\/api.w.org\/{rel}","templated":true}]}}